{"id":2037,"date":"2024-08-19T10:43:41","date_gmt":"2024-08-19T08:43:41","guid":{"rendered":"https:\/\/www.expat-v.at\/?page_id=2037"},"modified":"2026-04-27T16:32:33","modified_gmt":"2026-04-27T14:32:33","slug":"useful-links","status":"publish","type":"page","link":"https:\/\/www.expat-v.at\/de\/useful-links\/","title":{"rendered":"N\u00fctzliche Links"},"content":{"rendered":"<div data-elementor-type=\"wp-page\" data-elementor-id=\"2037\" class=\"elementor elementor-2037\" data-elementor-post-type=\"page\">\n\t\t\t\t\t\t<section class=\"has_ae_slider elementor-section elementor-top-section elementor-element elementor-element-3262de87 elementor-section-boxed elementor-section-height-default elementor-section-height-default ae-bg-gallery-type-default\" data-id=\"3262de87\" data-element_type=\"section\">\n\t\t\t\t\t\t<div class=\"elementor-container elementor-column-gap-default\">\n\t\t\t\t\t<div class=\"has_ae_slider elementor-column elementor-col-100 elementor-top-column elementor-element elementor-element-3681abe2 ae-bg-gallery-type-default\" data-id=\"3681abe2\" data-element_type=\"column\">\n\t\t\t<div class=\"elementor-widget-wrap elementor-element-populated\">\n\t\t\t\t\t\t<div class=\"elementor-element elementor-element-30ed3fa elementor-widget elementor-widget-text-editor\" data-id=\"30ed3fa\" data-element_type=\"widget\" data-widget_type=\"text-editor.default\">\n\t\t\t\t<div class=\"elementor-widget-container\">\n\t\t\t\t\t\t\t\t\t<div><img fetchpriority=\"high\" decoding=\"async\" src=\"https:\/\/www.expat-v.at\/wp-content\/uploads\/2024\/08\/Useful_links2-300x63.png\" alt=\"\" width=\"829\" height=\"174\" \/><\/div><div>\u00a0<\/div><div class=\"translation-block\">Auf dieser Seite findest du eine \u00dcbersicht n\u00fctzlicher Links zum Leben und Arbeiten in \u00d6sterreich und Vorarlberg. Wir bem\u00fchen uns, die Seite stets aktuell zu halten \u2013 sollte ein Link nicht mehr funktionieren, kannst du uns gerne an hello@expat-v.at schreiben.<\/div><div><em>Diese Seite erhebt keinen Anspruch auf Vollst\u00e4ndigkeit. Wenn du einen Vorschlag f\u00fcr einen n\u00fctzlichen Link hast, lass es uns bitte wissen.<\/em><\/div><div><em>Viele Antworten auf Fragen findest du in den verlinkten Brosch\u00fcren.<\/em><\/div><div>\u00a0<\/div>\t\t\t\t\t\t\t\t<\/div>\n\t\t\t\t<\/div>\n\t\t\t\t<section class=\"has_ae_slider elementor-section elementor-inner-section elementor-element elementor-element-c6c898d elementor-section-boxed elementor-section-height-default elementor-section-height-default ae-bg-gallery-type-default\" data-id=\"c6c898d\" data-element_type=\"section\">\n\t\t\t\t\t\t<div class=\"elementor-container elementor-column-gap-default\">\n\t\t\t\t\t<div class=\"has_ae_slider elementor-column elementor-col-50 elementor-inner-column elementor-element elementor-element-7649bf7 ae-bg-gallery-type-default\" data-id=\"7649bf7\" data-element_type=\"column\">\n\t\t\t<div class=\"elementor-widget-wrap elementor-element-populated\">\n\t\t\t\t\t\t<div class=\"elementor-element elementor-element-d02a95a elementor-widget elementor-widget-text-editor\" data-id=\"d02a95a\" data-element_type=\"widget\" data-widget_type=\"text-editor.default\">\n\t\t\t\t<div class=\"elementor-widget-container\">\n\t\t\t\t\t\t\t\t\t<h2>\u00a0<\/h2><h2><a href=\"https:\/\/www.chancenland.at\/en\/moveandlive\/\"><b>Working &amp; Living in Vorarlberg Guide<\/b><\/a><\/h2>\t\t\t\t\t\t\t\t<\/div>\n\t\t\t\t<\/div>\n\t\t\t\t\t<\/div>\n\t\t<\/div>\n\t\t\t\t<div class=\"has_ae_slider elementor-column elementor-col-50 elementor-inner-column elementor-element elementor-element-bebcc56 ae-bg-gallery-type-default\" data-id=\"bebcc56\" data-element_type=\"column\">\n\t\t\t<div class=\"elementor-widget-wrap elementor-element-populated\">\n\t\t\t\t\t\t<div class=\"elementor-element elementor-element-fd0d940 elementor-widget__width-initial elementor-widget elementor-widget-image\" data-id=\"fd0d940\" data-element_type=\"widget\" data-widget_type=\"image.default\">\n\t\t\t\t<div class=\"elementor-widget-container\">\n\t\t\t\t\t\t\t\t\t\t\t\t\t\t\t\t<a href=\"https:\/\/www.chancenland.at\/en\/moveandlive\/\">\n\t\t\t\t\t\t\t<img decoding=\"async\" width=\"690\" height=\"522\" src=\"https:\/\/www.expat-v.at\/wp-content\/uploads\/2025\/08\/WorkingLivinginVorarlberg.png\" class=\"attachment-large size-large wp-image-2746\" alt=\"\" srcset=\"https:\/\/www.expat-v.at\/wp-content\/uploads\/2025\/08\/WorkingLivinginVorarlberg.png 690w, https:\/\/www.expat-v.at\/wp-content\/uploads\/2025\/08\/WorkingLivinginVorarlberg-300x227.png 300w, https:\/\/www.expat-v.at\/wp-content\/uploads\/2025\/08\/WorkingLivinginVorarlberg-16x12.png 16w\" sizes=\"(max-width: 690px) 100vw, 690px\" \/>\t\t\t\t\t\t\t\t<\/a>\n\t\t\t\t\t\t\t\t\t\t\t\t\t\t\t<\/div>\n\t\t\t\t<\/div>\n\t\t\t\t\t<\/div>\n\t\t<\/div>\n\t\t\t\t\t<\/div>\n\t\t<\/section>\n\t\t\t\t<div class=\"elementor-element elementor-element-f151fec elementor-widget elementor-widget-spacer\" data-id=\"f151fec\" data-element_type=\"widget\" data-widget_type=\"spacer.default\">\n\t\t\t\t<div class=\"elementor-widget-container\">\n\t\t\t\t\t\t\t<div class=\"elementor-spacer\">\n\t\t\t<div class=\"elementor-spacer-inner\"><\/div>\n\t\t<\/div>\n\t\t\t\t\t\t<\/div>\n\t\t\t\t<\/div>\n\t\t\t\t<section class=\"has_ae_slider elementor-section elementor-inner-section elementor-element elementor-element-10acb30 elementor-section-boxed elementor-section-height-default elementor-section-height-default ae-bg-gallery-type-default\" data-id=\"10acb30\" data-element_type=\"section\">\n\t\t\t\t\t\t<div class=\"elementor-container elementor-column-gap-default\">\n\t\t\t\t\t<div class=\"has_ae_slider elementor-column elementor-col-50 elementor-inner-column elementor-element elementor-element-044057e ae-bg-gallery-type-default\" data-id=\"044057e\" data-element_type=\"column\">\n\t\t\t<div class=\"elementor-widget-wrap elementor-element-populated\">\n\t\t\t\t\t\t<div class=\"elementor-element elementor-element-79859cd elementor-widget elementor-widget-text-editor\" data-id=\"79859cd\" data-element_type=\"widget\" data-widget_type=\"text-editor.default\">\n\t\t\t\t<div class=\"elementor-widget-container\">\n\t\t\t\t\t\t\t\t\t<h2><strong><a href=\"https:\/\/www.chancenland.at\/app\/uploads\/2022\/10\/The-Essential-Guide-to-Living-and-Working-in-Austria_Web.pdf\">Essential Guide to Living &amp; Working in Austria<\/a><\/strong><\/h2>\t\t\t\t\t\t\t\t<\/div>\n\t\t\t\t<\/div>\n\t\t\t\t\t<\/div>\n\t\t<\/div>\n\t\t\t\t<div class=\"has_ae_slider elementor-column elementor-col-50 elementor-inner-column elementor-element elementor-element-9cf0f1c ae-bg-gallery-type-default\" data-id=\"9cf0f1c\" data-element_type=\"column\">\n\t\t\t<div class=\"elementor-widget-wrap elementor-element-populated\">\n\t\t\t\t\t\t<div class=\"elementor-element elementor-element-b82a96b elementor-widget__width-initial elementor-widget elementor-widget-image\" data-id=\"b82a96b\" data-element_type=\"widget\" data-widget_type=\"image.default\">\n\t\t\t\t<div class=\"elementor-widget-container\">\n\t\t\t\t\t\t\t\t\t\t\t\t\t\t\t\t<a href=\"https:\/\/www.chancenland.at\/en\/moveandlive\/\">\n\t\t\t\t\t\t\t<img decoding=\"async\" width=\"756\" height=\"612\" src=\"https:\/\/www.expat-v.at\/wp-content\/uploads\/2025\/08\/EssentialGuideAustria.png\" class=\"attachment-large size-large wp-image-2747\" alt=\"\" srcset=\"https:\/\/www.expat-v.at\/wp-content\/uploads\/2025\/08\/EssentialGuideAustria.png 756w, https:\/\/www.expat-v.at\/wp-content\/uploads\/2025\/08\/EssentialGuideAustria-300x243.png 300w, https:\/\/www.expat-v.at\/wp-content\/uploads\/2025\/08\/EssentialGuideAustria-15x12.png 15w\" sizes=\"(max-width: 756px) 100vw, 756px\" \/>\t\t\t\t\t\t\t\t<\/a>\n\t\t\t\t\t\t\t\t\t\t\t\t\t\t\t<\/div>\n\t\t\t\t<\/div>\n\t\t\t\t\t<\/div>\n\t\t<\/div>\n\t\t\t\t\t<\/div>\n\t\t<\/section>\n\t\t\t\t<div class=\"elementor-element elementor-element-e089faf elementor-widget elementor-widget-text-editor\" data-id=\"e089faf\" data-element_type=\"widget\" data-widget_type=\"text-editor.default\">\n\t\t\t\t<div class=\"elementor-widget-container\">\n\t\t\t\t\t\t\t\t\t<h2><span style=\"color: var( --e-global-color-text ); font-family: var( --e-global-typography-text-font-family ), Sans-serif;\">INHALTE<\/span><\/h2>\t\t\t\t\t\t\t\t<\/div>\n\t\t\t\t<\/div>\n\t\t\t\t<div class=\"elementor-element elementor-element-44308a0 elementor-widget elementor-widget-text-editor\" data-id=\"44308a0\" data-element_type=\"widget\" data-widget_type=\"text-editor.default\">\n\t\t\t\t<div class=\"elementor-widget-container\">\n\t\t\t\t\t\t\t\t\t<ol><li><h4><strong><a href=\"#guides\"><span style=\"color: var( --e-global-color-text ); font-family: var( --e-global-typography-text-font-family ), Sans-serif;\">Brosch\u00fcren zum Leben &amp; Arbeiten in \u00d6sterreich &amp; Vorarlberg<\/span><\/a><\/strong><\/h4><\/li><li><h4><strong><a href=\"#essential-links\">Wichtige Links zu Beh\u00f6rden<\/a><\/strong><\/h4><\/li><li><h4><strong><a href=\"#finance\">Finanzen &amp; Steuern<\/a><\/strong><\/h4><\/li><li><h4><strong><a href=\"#family\">Familie<\/a><\/strong><\/h4><\/li><li><h4><strong><a href=\"#education\">Bildung<\/a><\/strong><\/h4><\/li><li><h4><strong><a href=\"#health-care\">Gesundheit<\/a><\/strong><\/h4><\/li><li><h4><strong><a href=\"#mental-health\">Psychische Gesundheit<\/a><\/strong><\/h4><\/li><li><h4><strong><span style=\"background-color: transparent; color: var( --e-global-color-text ); font-family: var( --e-global-typography-text-font-family ), Sans-serif;\"><a href=\"#insurance\">Versicherung<\/a><\/span><\/strong><\/h4><\/li><li><h4><strong><a href=\"#cars\">Autofahren<\/a><\/strong><\/h4><\/li><li><h4><strong><a href=\"#online-marketplaces\"><span style=\"color: var( --e-global-color-text ); font-family: var( --e-global-typography-text-font-family ), Sans-serif;\">Online Marktpl\u00e4tze<\/span><\/a><\/strong><\/h4><\/li><li><h4><strong><a href=\"#housing\">Wohnen<\/a><\/strong><\/h4><\/li><li><h4><strong><a href=\"#language\">Deutsch lernen<\/a><\/strong><\/h4><\/li><li><h4><strong><a href=\"#public-transportation\">\u00d6ffentlicher Verkehr<\/a><\/strong><\/h4><\/li><li><h4><strong><a href=\"#leisure\">Freizeitm\u00f6glichkeiten<\/a><\/strong><\/h4><\/li><li><h4><strong><a href=\"#local-news\">Lokale Nachrichten<\/a><\/strong><\/h4><\/li><li><h4><strong><a href=\"#weather\">Wettervorhersage<\/a><\/strong><\/h4><\/li><li><h4><strong><a href=\"#practical-tips\">Praktische Tipps<\/a><\/strong><\/h4><\/li><\/ol>\t\t\t\t\t\t\t\t<\/div>\n\t\t\t\t<\/div>\n\t\t\t\t<div class=\"elementor-element elementor-element-9006631 elementor-widget elementor-widget-spacer\" data-id=\"9006631\" data-element_type=\"widget\" data-widget_type=\"spacer.default\">\n\t\t\t\t<div class=\"elementor-widget-container\">\n\t\t\t\t\t\t\t<div class=\"elementor-spacer\">\n\t\t\t<div class=\"elementor-spacer-inner\"><\/div>\n\t\t<\/div>\n\t\t\t\t\t\t<\/div>\n\t\t\t\t<\/div>\n\t\t\t\t<div class=\"elementor-element elementor-element-d899242 elementor-view-default elementor-widget elementor-widget-icon\" data-id=\"d899242\" data-element_type=\"widget\" data-widget_type=\"icon.default\">\n\t\t\t\t<div class=\"elementor-widget-container\">\n\t\t\t\t\t\t\t<div class=\"elementor-icon-wrapper\">\n\t\t\t<div class=\"elementor-icon\">\n\t\t\t<i aria-hidden=\"true\" class=\"fas fa-info\"><\/i>\t\t\t<\/div>\n\t\t<\/div>\n\t\t\t\t\t\t<\/div>\n\t\t\t\t<\/div>\n\t\t\t\t<div class=\"elementor-element elementor-element-9b38f1b elementor-widget elementor-widget-text-editor\" data-id=\"9b38f1b\" data-element_type=\"widget\" id=\"guides\" data-widget_type=\"text-editor.default\">\n\t\t\t\t<div class=\"elementor-widget-container\">\n\t\t\t\t\t\t\t\t\t<div><h3><span style=\"color: var( --e-global-color-text ); font-family: var( --e-global-typography-text-font-family ), Sans-serif;\"><b>Brosch\u00fcren zum Leben &amp; Arbeiten in \u00d6sterreich &amp; Vorarlberg<\/b><\/span><\/h3><ul><li><a href=\"https:\/\/www.wisto.at\/wp-content\/uploads\/2022\/09\/CHV_Working_Living_web.pdf\" target=\"_blank\" rel=\"noopener\"><span style=\"color: var( --e-global-color-text ); font-family: var( --e-global-typography-text-font-family ), Sans-serif;\">Arbeiten &amp; Leben in Vorarlberg Guide von der WISTO (Wirtschafts-Standort Vorarlberg GmbH)<\/span><\/a><\/li><li><a style=\"font-family: var( --e-global-typography-text-font-family ), Sans-serif; background-color: #ffffff;\" href=\"https:\/\/www.chancenland.at\/app\/uploads\/2022\/10\/The-Essential-Guide-to-Living-and-Working-in-Austria_Web.pdf\" target=\"_blank\" rel=\"noopener\">Brosch\u00fcre zum Leben und Arbeiten in \u00d6sterreich - Vorarlberg Edition<\/a><\/li><li><a href=\"https:\/\/www.chancenland.at\/\">Chancenland Vorarlberg<\/a><\/li><li><a href=\"https:\/\/vorarlberg.at\/-\/staedte-gemeinden-regionen\">Informationen zur Integration in Gemeinden<\/a><\/li><li><a style=\"font-family: var( --e-global-typography-text-font-family ), Sans-serif; background-color: #ffffff;\" href=\"https:\/\/www.migration.gv.at\/en\/welcome\/?no_cache=1\" target=\"_blank\" rel=\"noopener\">Beh\u00f6rdliche Webseite mit Informationen \u00fcber Einwanderung nach \u00d6sterreich<\/a><\/li><li><a style=\"font-family: var( --e-global-typography-text-font-family ), Sans-serif; background-color: #ffffff;\" href=\"https:\/\/www.workinaustria.com\/en\/\" target=\"_blank\" rel=\"noopener\">Arbeiten in \u00d6sterreich Brosch\u00fcre bei der Austrian Business Agency<\/a><\/li><\/ul><\/div>\t\t\t\t\t\t\t\t<\/div>\n\t\t\t\t<\/div>\n\t\t\t\t<section class=\"has_ae_slider elementor-section elementor-inner-section elementor-element elementor-element-c738b02 elementor-section-boxed elementor-section-height-default elementor-section-height-default ae-bg-gallery-type-default\" data-id=\"c738b02\" data-element_type=\"section\">\n\t\t\t\t\t\t<div class=\"elementor-container elementor-column-gap-default\">\n\t\t\t\t\t<div class=\"has_ae_slider elementor-column elementor-col-50 elementor-inner-column elementor-element elementor-element-1f724b6 ae-bg-gallery-type-default\" data-id=\"1f724b6\" data-element_type=\"column\">\n\t\t\t<div class=\"elementor-widget-wrap\">\n\t\t\t\t\t\t\t<\/div>\n\t\t<\/div>\n\t\t\t\t<div class=\"has_ae_slider elementor-column elementor-col-50 elementor-inner-column elementor-element elementor-element-d7e8101 ae-bg-gallery-type-default\" data-id=\"d7e8101\" data-element_type=\"column\">\n\t\t\t<div class=\"elementor-widget-wrap\">\n\t\t\t\t\t\t\t<\/div>\n\t\t<\/div>\n\t\t\t\t\t<\/div>\n\t\t<\/section>\n\t\t\t\t<div class=\"elementor-element elementor-element-cd1485b elementor-view-default elementor-widget elementor-widget-icon\" data-id=\"cd1485b\" data-element_type=\"widget\" data-widget_type=\"icon.default\">\n\t\t\t\t<div class=\"elementor-widget-container\">\n\t\t\t\t\t\t\t<div class=\"elementor-icon-wrapper\">\n\t\t\t<div class=\"elementor-icon\">\n\t\t\t<i aria-hidden=\"true\" class=\"fas fa-external-link-square-alt\"><\/i>\t\t\t<\/div>\n\t\t<\/div>\n\t\t\t\t\t\t<\/div>\n\t\t\t\t<\/div>\n\t\t\t\t<div class=\"elementor-element elementor-element-0d5ecc6 elementor-widget elementor-widget-text-editor\" data-id=\"0d5ecc6\" data-element_type=\"widget\" id=\"essential-links\" data-widget_type=\"text-editor.default\">\n\t\t\t\t<div class=\"elementor-widget-container\">\n\t\t\t\t\t\t\t\t\t<div><h3><b>Wichtige Links zu Beh\u00f6rden<\/b><\/h3><ul><li><a href=\"https:\/\/www.oesterreich.gv.at\/en\/public.html\" target=\"_blank\" rel=\"noopener\">Beh\u00f6rdliche Informationen zu verschiedenen Themen<\/a><\/li><li><a href=\"https:\/\/www.migration.gv.at\/en\/living-and-working-in-austria\/\" target=\"_blank\" rel=\"noopener\">Beh\u00f6rdliche Webseite zur Einwanderung nach \u00d6sterreich<\/a><\/li><li><a href=\"https:\/\/vorarlberg.at\/\">Regierungsseite von Vorarlberg<\/a><\/li><li><a href=\"https:\/\/www.oesterreich.gv.at\/en\/id-austria.html\">ID Austria - Digitale Governance<\/a><\/li><li><a href=\"https:\/\/vbg.arbeiterkammer.at\/index.html\">Arbeiterkammer - Unterst\u00fctzung f\u00fcr Arbeitnehmer:innen in \u00d6sterreich<\/a><\/li><li><a href=\"https:\/\/www.passportindex.org\/\">Passindex - \u00fcberpr\u00fcfe die Macht deines Passes<\/a><\/li><\/ul><\/div>\t\t\t\t\t\t\t\t<\/div>\n\t\t\t\t<\/div>\n\t\t\t\t<div class=\"elementor-element elementor-element-bb87804 elementor-view-default elementor-widget elementor-widget-icon\" data-id=\"bb87804\" data-element_type=\"widget\" data-widget_type=\"icon.default\">\n\t\t\t\t<div class=\"elementor-widget-container\">\n\t\t\t\t\t\t\t<div class=\"elementor-icon-wrapper\">\n\t\t\t<div class=\"elementor-icon\">\n\t\t\t<i aria-hidden=\"true\" class=\"fas fa-euro-sign\"><\/i>\t\t\t<\/div>\n\t\t<\/div>\n\t\t\t\t\t\t<\/div>\n\t\t\t\t<\/div>\n\t\t\t\t<div class=\"elementor-element elementor-element-b53ad01 elementor-widget elementor-widget-text-editor\" data-id=\"b53ad01\" data-element_type=\"widget\" id=\"finance\" data-widget_type=\"text-editor.default\">\n\t\t\t\t<div class=\"elementor-widget-container\">\n\t\t\t\t\t\t\t\t\t<h3 style=\"font-family: Montserrat, sans-serif; color: #000000;\"><b>Finanzen &amp; Steuern<\/b><\/h3><ul><li><a href=\"https:\/\/www.oesterreich.gv.at\/en\/themen\/steuern_und_finanzen\/online_services_zu_steuern_und_finanzen\/Seite.3690001.html\" target=\"_blank\" rel=\"noopener\">Online-Ratgeber und Rechner zum Thema \u201eSteuern und Finanzen\u201c<\/a><\/li><li><a href=\"https:\/\/www.migration.gv.at\/en\/living-and-working-in-austria\/austria-at-a-glance\/income-and-taxation\/\" target=\"_blank\" rel=\"noopener\">Einkommens- und Steuerinormationen<\/a><\/li><li><a href=\"https:\/\/bruttonetto.arbeiterkammer.at\/\" target=\"_blank\" rel=\"noopener\">Brutto-Netto Rechner<\/a><\/li><\/ul>\t\t\t\t\t\t\t\t<\/div>\n\t\t\t\t<\/div>\n\t\t\t\t<div class=\"elementor-element elementor-element-b42ed65 elementor-view-default elementor-widget elementor-widget-icon\" data-id=\"b42ed65\" data-element_type=\"widget\" data-widget_type=\"icon.default\">\n\t\t\t\t<div class=\"elementor-widget-container\">\n\t\t\t\t\t\t\t<div class=\"elementor-icon-wrapper\">\n\t\t\t<div class=\"elementor-icon\">\n\t\t\t<i aria-hidden=\"true\" class=\"fas fa-child\"><\/i>\t\t\t<\/div>\n\t\t<\/div>\n\t\t\t\t\t\t<\/div>\n\t\t\t\t<\/div>\n\t\t\t\t<div class=\"elementor-element elementor-element-d9bb47d elementor-widget elementor-widget-text-editor\" data-id=\"d9bb47d\" data-element_type=\"widget\" id=\"family\" data-widget_type=\"text-editor.default\">\n\t\t\t\t<div class=\"elementor-widget-container\">\n\t\t\t\t\t\t\t\t\t<h3 style=\"font-family: Montserrat, sans-serif; color: #000000;\"><b>Familie<\/b><\/h3><ul><li><a href=\"https:\/\/www.expat-v.at\/wp-content\/uploads\/2024\/11\/Newsletter-Familie_fur-Homepage_September-2024.pdf\" target=\"_blank\" rel=\"noopener\">N\u00fctzliche Tipps &amp; Links f\u00fcr Familien von Expat V<\/a><\/li><li><a href=\"https:\/\/vorarlberg.at\/familie-generationen\">Angebote f\u00fcr Familien von der Vorarlberger Regierung<\/a><\/li><li><a href=\"https:\/\/vorarlberg.at\/-\/integration-und-migration-projekte-fuer-maedchen-und-frauen\" target=\"_blank\" rel=\"noopener\">Frauenspezifische Information und Unterst\u00fctzung<\/a><\/li><li><a href=\"https:\/\/www.okay-line.at\/Informationen\/mehrsprachiges-vorarlberg\/Informations--und-Bezugsquellen-fr-Literatur-insbesondere-Kinderliteratur-in-Migrantensprachen.html\">Childrens literature in different languages<\/a><\/li><li><a href=\"https:\/\/www.okay-line.at\/okay-programme\/elternratgeber\/\">A Parent Guide for Supporting Children\u2019s Language Development<\/a><\/li><li><div dir=\"auto\" data-message-author-role=\"assistant\" data-message-id=\"b5fb8dcd-6e44-49d9-8349-1991203fdc14\" data-message-model-slug=\"gpt-4o\"><p><a style=\"font-family: var( --e-global-typography-text-font-family ), Sans-serif; background-color: #ffffff;\" href=\"https:\/\/oepa.or.at\/kompass\/\" target=\"_blank\" rel=\"noopener\">Unterst\u00fctzung f\u00fcr Alleinerziehende<\/a><\/p><p>\u00a0<\/p><\/div><\/li><\/ul>\t\t\t\t\t\t\t\t<\/div>\n\t\t\t\t<\/div>\n\t\t\t\t<div class=\"elementor-element elementor-element-6c67697 elementor-view-default elementor-widget elementor-widget-icon\" data-id=\"6c67697\" data-element_type=\"widget\" data-widget_type=\"icon.default\">\n\t\t\t\t<div class=\"elementor-widget-container\">\n\t\t\t\t\t\t\t<div class=\"elementor-icon-wrapper\">\n\t\t\t<div class=\"elementor-icon\">\n\t\t\t<i aria-hidden=\"true\" class=\"fas fa-school\"><\/i>\t\t\t<\/div>\n\t\t<\/div>\n\t\t\t\t\t\t<\/div>\n\t\t\t\t<\/div>\n\t\t\t\t<div class=\"elementor-element elementor-element-0b0414b elementor-widget elementor-widget-text-editor\" data-id=\"0b0414b\" data-element_type=\"widget\" id=\"education\" data-widget_type=\"text-editor.default\">\n\t\t\t\t<div class=\"elementor-widget-container\">\n\t\t\t\t\t\t\t\t\t<h3 style=\"font-family: Montserrat, sans-serif; color: #000000;\"><b>Bildung<\/b><\/h3><ul><li><a href=\"https:\/\/www.pfiffikus.at\/\">Piffikus.at - Verschiedene Bildungsangebote<\/a><\/li><li><a href=\"https:\/\/www.bildungssystem.at\/en\/\">Das \u00d6sterreichische Bildungssystem<\/a><\/li><li><a href=\"https:\/\/vbg.arbeiterkammer.at\/akbildungsgutschein\" target=\"_blank\" rel=\"noopener\">Voucher der Arbeiterkammer - Rabatte f\u00fcr verschiedene Bildungsangebote<\/a><\/li><li><a href=\"https:\/\/vorarlberg.at\/-\/annerkennung-von-bildungsabschluessen\" target=\"_blank\" rel=\"noopener\">Anerkennung von Qualifikationen<\/a><\/li><li><a href=\"https:\/\/vorarlberg.at\/-\/bildungs-und-berufsorientierung\" target=\"_blank\" rel=\"noopener\">Bildungs- und Berufsberatung f\u00fcr junge Menschen<\/a><\/li><li><a style=\"font-family: var( --e-global-typography-text-font-family ), Sans-serif; background-color: #ffffff;\" href=\"https:\/\/www.fhv.at\/en\" target=\"_blank\" rel=\"noopener\">Fachhochschule Vorarlberg<\/a><\/li><li><a href=\"https:\/\/int.schulenriedenburg.at\/index.php\/en\/\" target=\"_blank\" rel=\"noopener\">Internationale Schule Bregenz<\/a><\/li><\/ul>\t\t\t\t\t\t\t\t<\/div>\n\t\t\t\t<\/div>\n\t\t\t\t<div class=\"elementor-element elementor-element-ceaa845 elementor-view-default elementor-widget elementor-widget-icon\" data-id=\"ceaa845\" data-element_type=\"widget\" data-widget_type=\"icon.default\">\n\t\t\t\t<div class=\"elementor-widget-container\">\n\t\t\t\t\t\t\t<div class=\"elementor-icon-wrapper\">\n\t\t\t<div class=\"elementor-icon\">\n\t\t\t<i aria-hidden=\"true\" class=\"fas fa-briefcase-medical\"><\/i>\t\t\t<\/div>\n\t\t<\/div>\n\t\t\t\t\t\t<\/div>\n\t\t\t\t<\/div>\n\t\t\t\t<div class=\"elementor-element elementor-element-706ae56 elementor-widget elementor-widget-text-editor\" data-id=\"706ae56\" data-element_type=\"widget\" id=\"health-care\" data-widget_type=\"text-editor.default\">\n\t\t\t\t<div class=\"elementor-widget-container\">\n\t\t\t\t\t\t\t\t\t<h3 style=\"font-family: Montserrat, sans-serif; color: #000000;\"><b>Gesundheit<\/b><\/h3><ul><li><a href=\"https:\/\/xsund.at\/\" target=\"_blank\" rel=\"noopener\">Xsund App - Vorarlberger Gesundheits-App<\/a><\/li><li><a href=\"https:\/\/www.medicus-online.at\/aek\/dist\/medicus-suche\" target=\"_blank\" rel=\"noopener\">Arztfinder - verschiedene Filter f\u00fcr verschieden Fachgebiete &amp; Sprachen<\/a><\/li><li><a href=\"https:\/\/www.docfinder.at\/\" target=\"_blank\" rel=\"noopener\">Artzfinder - alternative Suchmaschine<\/a><\/li><\/ul>\t\t\t\t\t\t\t\t<\/div>\n\t\t\t\t<\/div>\n\t\t\t\t<div class=\"elementor-element elementor-element-9fdfe2d elementor-view-default elementor-widget elementor-widget-icon\" data-id=\"9fdfe2d\" data-element_type=\"widget\" data-widget_type=\"icon.default\">\n\t\t\t\t<div class=\"elementor-widget-container\">\n\t\t\t\t\t\t\t<div class=\"elementor-icon-wrapper\">\n\t\t\t<div class=\"elementor-icon\">\n\t\t\t<i aria-hidden=\"true\" class=\"fas fa-head-side-virus\"><\/i>\t\t\t<\/div>\n\t\t<\/div>\n\t\t\t\t\t\t<\/div>\n\t\t\t\t<\/div>\n\t\t\t\t<div class=\"elementor-element elementor-element-b6559a2 elementor-widget elementor-widget-text-editor\" data-id=\"b6559a2\" data-element_type=\"widget\" id=\"mental-health\" data-widget_type=\"text-editor.default\">\n\t\t\t\t<div class=\"elementor-widget-container\">\n\t\t\t\t\t\t\t\t\t<h3 style=\"font-family: Montserrat, sans-serif; color: #000000;\"><b>Psychische Gesundheit<\/b><\/h3><ul><li><a href=\"https:\/\/www.ifs.at\/\">ifs - Institut f\u00fcr Sozialdienste<\/a><\/li><li><a href=\"https:\/\/www.aks.or.at\/\">aks gesundheit<\/a><\/li><li><a href=\"https:\/\/www.promente-v.at\/\">pro mente vorarlberg - sozialpsychiatrische Dienste<\/a><\/li><\/ul>\t\t\t\t\t\t\t\t<\/div>\n\t\t\t\t<\/div>\n\t\t\t\t<div class=\"elementor-element elementor-element-6fd37e6 elementor-view-default elementor-widget elementor-widget-icon\" data-id=\"6fd37e6\" data-element_type=\"widget\" data-widget_type=\"icon.default\">\n\t\t\t\t<div class=\"elementor-widget-container\">\n\t\t\t\t\t\t\t<div class=\"elementor-icon-wrapper\">\n\t\t\t<div class=\"elementor-icon\">\n\t\t\t<i aria-hidden=\"true\" class=\"fas fa-file-contract\"><\/i>\t\t\t<\/div>\n\t\t<\/div>\n\t\t\t\t\t\t<\/div>\n\t\t\t\t<\/div>\n\t\t\t\t<div class=\"elementor-element elementor-element-94198a6 elementor-widget elementor-widget-text-editor\" data-id=\"94198a6\" data-element_type=\"widget\" data-widget_type=\"text-editor.default\">\n\t\t\t\t<div class=\"elementor-widget-container\">\n\t\t\t\t\t\t\t\t\t<h3><b>Versicherung<\/b><\/h3><ul><li><a href=\"https:\/\/www.isys-cee.com\/GrECoAffinityCenter\/ONLINE\/?id=b6adaff2-95cf-46ab-9a92-c10774859f16\" target=\"_blank\" rel=\"noopener\">Versicherung - Hol dir deine Haushalts- und Haftpflichversicherung (featured by Expat V)<\/a><\/li><li><a style=\"background-color: #ffffff; font-family: var( --e-global-typography-text-font-family ), Sans-serif;\" href=\"https:\/\/durchblicker.at\/versicherungsvergleich?adgroupid=1257842616801726&amp;msclkid=ab5d962795321df61399f0dd00dfcd3b&amp;utm_source=bing&amp;utm_medium=cpc&amp;utm_campaign=V%20%7C%20Versicherung%20-%20tROAS%20(Portfolio)&amp;utm_term=versicherungen%20vorarlberg&amp;utm_content=%2Bversicherungen\" target=\"_blank\" rel=\"noopener\">Vergleichsplattform f\u00fcr Versicherungen in \u00d6sterreich<\/a><\/li><li><a href=\"https:\/\/www.gesundheitskasse.at\/cdscontent\/?contentid=10007.866742&amp;portal=oegkportal\" target=\"_blank\" rel=\"noopener\">\u00d6sterreichische Gesundheitskasse (\u00d6KG)<\/a><\/li><\/ul>\t\t\t\t\t\t\t\t<\/div>\n\t\t\t\t<\/div>\n\t\t\t\t<div class=\"elementor-element elementor-element-e2472e7 elementor-view-default elementor-widget elementor-widget-icon\" data-id=\"e2472e7\" data-element_type=\"widget\" data-widget_type=\"icon.default\">\n\t\t\t\t<div class=\"elementor-widget-container\">\n\t\t\t\t\t\t\t<div class=\"elementor-icon-wrapper\">\n\t\t\t<div class=\"elementor-icon\">\n\t\t\t<i aria-hidden=\"true\" class=\"fas fa-car\"><\/i>\t\t\t<\/div>\n\t\t<\/div>\n\t\t\t\t\t\t<\/div>\n\t\t\t\t<\/div>\n\t\t\t\t<div class=\"elementor-element elementor-element-582875a elementor-widget elementor-widget-text-editor\" data-id=\"582875a\" data-element_type=\"widget\" id=\"cars\" data-widget_type=\"text-editor.default\">\n\t\t\t\t<div class=\"elementor-widget-container\">\n\t\t\t\t\t\t\t\t\t<h3 style=\"font-family: Montserrat, sans-serif; color: #000000;\"><b>Autofahren<\/b><\/h3><ul><li>\u00d6sterreichische Automobilclubs <a href=\"https:\/\/www.oeamtc.at\/\" target=\"_blank\" rel=\"noopener\">\u00d6AMTC<\/a> &amp; <a href=\"https:\/\/www.arboe.at\/\">ARB\u00d6<\/a><\/li><li><a href=\"https:\/\/www.oesterreich.gv.at\/en\/themen\/persoenliche_dokumente_und_bestaetigungen\/fuehrerschein\/3\/Seite.040500.html\" target=\"_blank\" rel=\"noopener\">Umschreibung des F\u00fchrerscheins<\/a><\/li><li><a href=\"https:\/\/www.usp.gv.at\/en\/themen\/steuern-finanzen\/weitere-steuern-und-abgaben\/normverbrauchsabgabe-nova.html\" target=\"_blank\" rel=\"noopener\" data-wplink-edit=\"true\">NoVA Autosteuer<\/a><\/li><\/ul>\t\t\t\t\t\t\t\t<\/div>\n\t\t\t\t<\/div>\n\t\t\t\t<div class=\"elementor-element elementor-element-bc6f3b4 elementor-view-default elementor-widget elementor-widget-icon\" data-id=\"bc6f3b4\" data-element_type=\"widget\" data-widget_type=\"icon.default\">\n\t\t\t\t<div class=\"elementor-widget-container\">\n\t\t\t\t\t\t\t<div class=\"elementor-icon-wrapper\">\n\t\t\t<div class=\"elementor-icon\">\n\t\t\t<i aria-hidden=\"true\" class=\"fas fa-shopping-cart\"><\/i>\t\t\t<\/div>\n\t\t<\/div>\n\t\t\t\t\t\t<\/div>\n\t\t\t\t<\/div>\n\t\t\t\t<div class=\"elementor-element elementor-element-773c633 elementor-widget elementor-widget-text-editor\" data-id=\"773c633\" data-element_type=\"widget\" id=\"online-marketplaces\" data-widget_type=\"text-editor.default\">\n\t\t\t\t<div class=\"elementor-widget-container\">\n\t\t\t\t\t\t\t\t\t<p><span style=\"font-weight: bold;\">Online Marktpl\u00e4tze f\u00fcr Second-Hand Ware<br \/><\/span><\/p><ul><li><a style=\"background-color: #ffffff; font-family: var( --e-global-typography-text-font-family ), Sans-serif;\" href=\"https:\/\/www.shpock.com\/de-at\" target=\"_blank\" rel=\"noopener\">Shpock\u00a0<\/a><\/li><li><a style=\"background-color: #ffffff; font-family: var( --e-global-typography-text-font-family ), Sans-serif;\" href=\"https:\/\/www.laendleanzeiger.at\/\" target=\"_blank\" rel=\"noopener\">Laendleanzeiger<\/a><\/li><li><a style=\"background-color: #ffffff; font-family: var( --e-global-typography-text-font-family ), Sans-serif;\" href=\"https:\/\/www.willhaben.at\/iad\" target=\"_blank\" rel=\"noopener\">Willhaben<\/a><\/li><\/ul>\t\t\t\t\t\t\t\t<\/div>\n\t\t\t\t<\/div>\n\t\t\t\t<div class=\"elementor-element elementor-element-480fb89 elementor-view-default elementor-widget elementor-widget-icon\" data-id=\"480fb89\" data-element_type=\"widget\" data-widget_type=\"icon.default\">\n\t\t\t\t<div class=\"elementor-widget-container\">\n\t\t\t\t\t\t\t<div class=\"elementor-icon-wrapper\">\n\t\t\t<div class=\"elementor-icon\">\n\t\t\t<i aria-hidden=\"true\" class=\"fas fa-house-user\"><\/i>\t\t\t<\/div>\n\t\t<\/div>\n\t\t\t\t\t\t<\/div>\n\t\t\t\t<\/div>\n\t\t\t\t<div class=\"elementor-element elementor-element-bcda81e elementor-widget elementor-widget-text-editor\" data-id=\"bcda81e\" data-element_type=\"widget\" id=\"housing\" data-widget_type=\"text-editor.default\">\n\t\t\t\t<div class=\"elementor-widget-container\">\n\t\t\t\t\t\t\t\t\t<h3><strong><span style=\"color: var( --e-global-color-text ); font-family: var( --e-global-typography-text-font-family ), Sans-serif;\">Wohnen<\/span><\/strong><\/h3><div><b>Suchseiten<\/b><\/div><div><p><a href=\"https:\/\/www.laendleimmo.at\/\" target=\"_blank\" rel=\"noopener\">https:\/\/www.laendleimmo.at\/<\/a><\/p><p><a style=\"color: #333366;\" href=\"https:\/\/www.willhaben.at\/iad\/immobilien\" target=\"_blank\" rel=\"noopener\">https:\/\/www.willhaben.at\/iad\/immobilien<\/a><\/p><p><a href=\"https:\/\/www.laendleanzeiger.at\/anzeigen\/immobilienmarkt\/\" target=\"_blank\" rel=\"noopener\">https:\/\/www.laendleanzeiger.at\/anzeigen\/immobilienmarkt\/<\/a><\/p><p><a href=\"https:\/\/www.immobilienscout24.at\/\" target=\"_blank\" rel=\"noopener\">https:\/\/www.immobilienscout24.at\/<\/a><\/p><p><b>Wohngemeinschaften<\/b><\/p><p><a href=\"https:\/\/www.wg-gesucht.de\/\" target=\"_blank\" rel=\"noopener\">https:\/\/www.wg-gesucht.de\/<\/a><\/p><p><a href=\"https:\/\/www.laendleanzeiger.at\/anzeigen\/immobilienmarkt\/vermietungen\/vermietung-wohngemeinschaft\/\" target=\"_blank\" rel=\"noopener\">https:\/\/www.laendleanzeiger.at\/anzeigen\/immobilienmarkt\/vermietungen\/vermietung-wohngemeinschaft\/<\/a><\/p><\/div><p><a style=\"font-family: var( --e-global-typography-text-font-family ), Sans-serif; background-color: #ffffff;\" href=\"https:\/\/www.fhv.at\/infopoint\/praktische-informationen-zum-leben-in-vorarlberg\/unterkunft\" target=\"_blank\" rel=\"noopener\">https:\/\/www.fhv.at\/infopoint\/praktische-informationen-zum-leben-in-vorarlberg\/unterkunft<\/a>.<\/p><p><b>Vollausgestattete Wohnungen \/ Zimmer<\/b><\/p><p><a href=\"https:\/\/www.piz.at\/brands\">Apartments in Bludenz &amp; Dornbirn area<\/a><\/p><p><a href=\"https:\/\/www.david-wohnen.com\/de\/immobilien\" target=\"_blank\" rel=\"noopener\"><span style=\"color: var( --e-global-color-text ); font-family: var( --e-global-typography-text-font-family ), Sans-serif;\">Mini-Wohnungen in Dornbirn<\/span><\/a><\/p><p><a href=\"https:\/\/www.kunstmuehle-dornbirn.at\/\" target=\"_blank\" rel=\"noopener\">Renovierte Wohnungen in Dornbirn<\/a><\/p><p><b style=\"color: var( --e-global-color-text ); font-family: var( --e-global-typography-text-font-family ), Sans-serif;\">Info f\u00fcr Mieter:innen<\/b><\/p><p><a href=\"https:\/\/www.arbeiterkammer.at\/beratung\/konsument\/bauenundwohnen\/miete\/Miete.html\" target=\"_blank\" rel=\"noopener\">Miete | Arbeiterkammer<\/a><b><\/b><\/p><p><a href=\"https:\/\/www.mietervereinigung.at\/743\/Angebot-und-Kontakt\" target=\"_blank\" rel=\"noopener\">Angebot Mietervereinigung Vorarlberg<\/a><\/p>\t\t\t\t\t\t\t\t<\/div>\n\t\t\t\t<\/div>\n\t\t\t\t<div class=\"elementor-element elementor-element-95245e2 elementor-view-default elementor-widget elementor-widget-icon\" data-id=\"95245e2\" data-element_type=\"widget\" data-widget_type=\"icon.default\">\n\t\t\t\t<div class=\"elementor-widget-container\">\n\t\t\t\t\t\t\t<div class=\"elementor-icon-wrapper\">\n\t\t\t<div class=\"elementor-icon\">\n\t\t\t<i aria-hidden=\"true\" class=\"fas fa-language\"><\/i>\t\t\t<\/div>\n\t\t<\/div>\n\t\t\t\t\t\t<\/div>\n\t\t\t\t<\/div>\n\t\t\t\t<div class=\"elementor-element elementor-element-1838a2f elementor-widget elementor-widget-text-editor\" data-id=\"1838a2f\" data-element_type=\"widget\" id=\"language\" data-widget_type=\"text-editor.default\">\n\t\t\t\t<div class=\"elementor-widget-container\">\n\t\t\t\t\t\t\t\t\t<h3 style=\"font-family: Montserrat, sans-serif; color: #000000;\"><b>Deutsch lernen<\/b><\/h3><ul><li><a href=\"https:\/\/sprachportal.at\/\" target=\"_blank\" rel=\"noopener\">Deutschlernen - Sprachportal des \u00d6sterreichischen Integrationsfonds<\/a><\/li><li><a href=\"https:\/\/vorarlberg.at\/-\/deutschlernenvorarlberg\">Learn the Dialect<\/a><\/li><li><a href=\"https:\/\/www.bfi-vorarlberg.at\/bildungsangebot\/kursuebersicht\/sprachen-campus?utm_source=google&amp;utm_medium=cpc&amp;utm_campaign=Sprachen&amp;gad_source=1&amp;gclid=EAIaIQobChMIv9Hm_JfeiQMV-JSDBx17yyxQEAAYAyAAEgKXGfD_BwE#\/210\" target=\"_blank\" rel=\"noopener\">BFI Kurse<\/a><\/li><li><a href=\"https:\/\/www.vlbg.wifi.at\/Kursbuch\/liste.php?eKey=Ce\" target=\"_blank\" rel=\"noopener\">WIFI Kurse<\/a><\/li><\/ul>\t\t\t\t\t\t\t\t<\/div>\n\t\t\t\t<\/div>\n\t\t\t\t<div class=\"elementor-element elementor-element-0e934c7 elementor-view-default elementor-widget elementor-widget-icon\" data-id=\"0e934c7\" data-element_type=\"widget\" data-widget_type=\"icon.default\">\n\t\t\t\t<div class=\"elementor-widget-container\">\n\t\t\t\t\t\t\t<div class=\"elementor-icon-wrapper\">\n\t\t\t<div class=\"elementor-icon\">\n\t\t\t<i aria-hidden=\"true\" class=\"fas fa-bus-alt\"><\/i>\t\t\t<\/div>\n\t\t<\/div>\n\t\t\t\t\t\t<\/div>\n\t\t\t\t<\/div>\n\t\t\t\t<div class=\"elementor-element elementor-element-e0938b0 elementor-widget elementor-widget-text-editor\" data-id=\"e0938b0\" data-element_type=\"widget\" id=\"public-transportation\" data-widget_type=\"text-editor.default\">\n\t\t\t\t<div class=\"elementor-widget-container\">\n\t\t\t\t\t\t\t\t\t<h3 style=\"font-family: Montserrat, sans-serif; color: #000000;\"><b>\u00d6ffentlicher Verkehr<\/b><\/h3><ul><li><a href=\"https:\/\/www.vmobil.at\/\">vmobil - find deinen Weg in Vorarlberg<\/a><\/li><li><a href=\"https:\/\/www.oebb.at\/en\/\">\u00d6BB - \u00d6sterreichische Bundesbahnen<\/a><\/li><li><a href=\"https:\/\/carusocarsharing.com\/\">Caruso Carsharing<\/a><\/li><\/ul>\t\t\t\t\t\t\t\t<\/div>\n\t\t\t\t<\/div>\n\t\t\t\t<div class=\"elementor-element elementor-element-2cc2e95 elementor-view-default elementor-widget elementor-widget-icon\" data-id=\"2cc2e95\" data-element_type=\"widget\" data-widget_type=\"icon.default\">\n\t\t\t\t<div class=\"elementor-widget-container\">\n\t\t\t\t\t\t\t<div class=\"elementor-icon-wrapper\">\n\t\t\t<div class=\"elementor-icon\">\n\t\t\t<i aria-hidden=\"true\" class=\"fas fa-mountain\"><\/i>\t\t\t<\/div>\n\t\t<\/div>\n\t\t\t\t\t\t<\/div>\n\t\t\t\t<\/div>\n\t\t\t\t<div class=\"elementor-element elementor-element-9ee8828 elementor-widget elementor-widget-text-editor\" data-id=\"9ee8828\" data-element_type=\"widget\" id=\"leisure\" data-widget_type=\"text-editor.default\">\n\t\t\t\t<div class=\"elementor-widget-container\">\n\t\t\t\t\t\t\t\t\t<h3 style=\"font-family: Montserrat, sans-serif; color: #000000;\"><b>Freizeitm\u00f6glichkeiten<\/b><\/h3><ul><li><a href=\"https:\/\/events-vorarlberg.at\/\" target=\"_blank\" rel=\"noopener\">Events in Vorarlberg<\/a><\/li><li><a href=\"https:\/\/expatservicevorarlberg783-my.sharepoint.com\/:x:\/g\/personal\/claudia_expat-v_at\/IQBs61ElCltcTb5GwEO83FXYAZVYx3fgh6LRfE7-c3H1ANE\">Favourite spots of Expats<\/a><\/li><li><a href=\"https:\/\/www.vorarlberg.travel\/en\/\" target=\"_blank\" rel=\"noopener\">Brosch\u00fcre zu Freizeitangeboten<\/a><\/li><li><a href=\"https:\/\/www.kulturzeitschrift.at\/\" target=\"_blank\" rel=\"noopener\">Kulturveranstaltungen<\/a><\/li><li><a href=\"https:\/\/sportlich-spitze.at\/\" target=\"_blank\" rel=\"noopener\">Sportvereine in Vorarlberg<\/a><\/li><li><a href=\"https:\/\/www.alpenvereinaktiv.com\/en\/\">Alpenverein<\/a>, <a href=\"https:\/\/www.bergfex.at\/sommer\/oesterreich\/touren\/\">Bergfex<\/a>, <a href=\"https:\/\/www.komoot.com\/\">komoot<\/a>Apps f\u00fcrs Wandern, Radfahren, Skitouren<\/li><li><a href=\"https:\/\/www.vorarlbergbewegt.at\/\">Vorarlberg bewegt \u2013 Sportangebote von der Vorarlberger Regierung<\/a><\/li><li><a href=\"https:\/\/vorarlberg.at\/documents\/302033\/472211\/Adressen+der+B%C3%BCchereien+und+Spielotheken.pdf\/cbbca735-9f18-bb79-8f4d-87b25da8f2ff?t=1656573732040\" target=\"_blank\" rel=\"noopener\">Bibliotheken in Vorarlberg<\/a><\/li><\/ul>\t\t\t\t\t\t\t\t<\/div>\n\t\t\t\t<\/div>\n\t\t\t\t<div class=\"elementor-element elementor-element-fba1190 elementor-view-default elementor-widget elementor-widget-icon\" data-id=\"fba1190\" data-element_type=\"widget\" data-widget_type=\"icon.default\">\n\t\t\t\t<div class=\"elementor-widget-container\">\n\t\t\t\t\t\t\t<div class=\"elementor-icon-wrapper\">\n\t\t\t<div class=\"elementor-icon\">\n\t\t\t<i aria-hidden=\"true\" class=\"far fa-newspaper\"><\/i>\t\t\t<\/div>\n\t\t<\/div>\n\t\t\t\t\t\t<\/div>\n\t\t\t\t<\/div>\n\t\t\t\t<div class=\"elementor-element elementor-element-ec41132 elementor-widget elementor-widget-text-editor\" data-id=\"ec41132\" data-element_type=\"widget\" id=\"local-news\" data-widget_type=\"text-editor.default\">\n\t\t\t\t<div class=\"elementor-widget-container\">\n\t\t\t\t\t\t\t\t\t<h3 style=\"font-family: Montserrat, sans-serif; color: #000000;\"><b>Lokale Nachrichten<\/b><\/h3><ul><li><a style=\"color: #333366;\" href=\"https:\/\/www.vol.at\/\" target=\"_blank\" rel=\"noopener\">VOL.AT | Nachrichten aus Vorarlberg, \u00d6sterreich und der Welt<\/a><\/li><li><a href=\"https:\/\/vorarlberg.orf.at\/\" target=\"_blank\" rel=\"noopener\">vorarlberg.orf.at \u2013 Nachrichten aus Vorarlberg<\/a><\/li><li><a href=\"https:\/\/www.orf.at\/\" target=\"_blank\" rel=\"noopener\">orf.at \u2013 Nachrichten aus \u00d6sterreich<\/a><\/li><li><a href=\"https:\/\/vorarlberg.orf.at\/stories\/3271039\/\" target=\"_blank\" rel=\"noopener\">Kurze Nachrichten auf Englisch, Ungarisch und Rum\u00e4nisch f\u00fcr Vorarlberg<\/a><\/li><li><a href=\"https:\/\/www.vn.at\/\" target=\"_blank\" rel=\"noopener\">Vorarlberger Nachrichten<\/a><\/li><li><a href=\"https:\/\/on.orf.at\/sendereihe\/13891048\/nachrichten-in-einfacher-sprache\" target=\"_blank\" rel=\"noopener\">\u00d6sterreichische Nachrichten in einfacher Sprache<\/a><\/li><\/ul>\t\t\t\t\t\t\t\t<\/div>\n\t\t\t\t<\/div>\n\t\t\t\t<div class=\"elementor-element elementor-element-92e4721 elementor-view-default elementor-widget elementor-widget-icon\" data-id=\"92e4721\" data-element_type=\"widget\" data-widget_type=\"icon.default\">\n\t\t\t\t<div class=\"elementor-widget-container\">\n\t\t\t\t\t\t\t<div class=\"elementor-icon-wrapper\">\n\t\t\t<div class=\"elementor-icon\">\n\t\t\t<i aria-hidden=\"true\" class=\"fas fa-cloud-sun-rain\"><\/i>\t\t\t<\/div>\n\t\t<\/div>\n\t\t\t\t\t\t<\/div>\n\t\t\t\t<\/div>\n\t\t\t\t<div class=\"elementor-element elementor-element-a3589c8 elementor-widget elementor-widget-text-editor\" data-id=\"a3589c8\" data-element_type=\"widget\" id=\"weather\" data-widget_type=\"text-editor.default\">\n\t\t\t\t<div class=\"elementor-widget-container\">\n\t\t\t\t\t\t\t\t\t<h3 style=\"font-family: Montserrat, sans-serif; color: #000000;\"><b>Lokale Wettervorhersage<\/b><\/h3><ul><li><a href=\"https:\/\/wetter.orf.at\/vorarlberg\/prognose\" target=\"_blank\" rel=\"noopener\">Wettervorhersage in Vorarlberg<\/a><\/li><li><a href=\"https:\/\/www.meteoswiss.admin.ch\/services-and-publications\/service\/weather-and-climate-products\/meteoswiss-app.html\" target=\"_blank\" rel=\"noopener\">Beste Wetterapp (f\u00fcr die Schweiz, zeigt auch Vorarlberg)<\/a><\/li><\/ul>\t\t\t\t\t\t\t\t<\/div>\n\t\t\t\t<\/div>\n\t\t\t\t<div class=\"elementor-element elementor-element-7471343 elementor-view-default elementor-widget elementor-widget-icon\" data-id=\"7471343\" data-element_type=\"widget\" data-widget_type=\"icon.default\">\n\t\t\t\t<div class=\"elementor-widget-container\">\n\t\t\t\t\t\t\t<div class=\"elementor-icon-wrapper\">\n\t\t\t<div class=\"elementor-icon\">\n\t\t\t<i aria-hidden=\"true\" class=\"far fa-lightbulb\"><\/i>\t\t\t<\/div>\n\t\t<\/div>\n\t\t\t\t\t\t<\/div>\n\t\t\t\t<\/div>\n\t\t\t\t<div class=\"elementor-element elementor-element-b85abdf elementor-widget elementor-widget-text-editor\" data-id=\"b85abdf\" data-element_type=\"widget\" id=\"practical-tips\" data-widget_type=\"text-editor.default\">\n\t\t\t\t<div class=\"elementor-widget-container\">\n\t\t\t\t\t\t\t\t\t<h3 style=\"font-family: Montserrat, sans-serif; color: #000000;\"><b>Praktische Tipps<\/b><\/h3><ul><li style=\"font-family: Montserrat, sans-serif; color: #000000;\"><a href=\"https:\/\/www.umweltv.at\/Service_Info\/Abfall_trennen\/Abfalltrennung_in_allen_Sprachen\" target=\"_blank\" rel=\"noopener\">M\u00fclltrennung in Vorarlberg (in mehreren Sprachen)<\/a><\/li><li><a href=\"https:\/\/www.reparaturbonus.at\/\" target=\"_blank\" rel=\"noopener\">Reparaturbonus<\/a> und <a href=\"https:\/\/handwerkerbonus.gv.at\/\" target=\"_blank\" rel=\"noopener\">Handwerkerbonus<\/a> (finanzielle Unterst\u00fctzung f\u00fcr Reparaturen und Handwerksarbeiten)<\/li><\/ul>\t\t\t\t\t\t\t\t<\/div>\n\t\t\t\t<\/div>\n\t\t\t\t\t<\/div>\n\t\t<\/div>\n\t\t\t\t\t<\/div>\n\t\t<\/section>\n\t\t\t\t<\/div>","protected":false},"excerpt":{"rendered":"<p>\u00a0On this page, you&#8217;ll find an overview of useful links for living and working in Austria and Vorarlberg. We strive to keep the page up to date \u2013 if any link no longer works, feel free to write to\u00a0hello@expat-v.at.This page does not claim to be exhaustive. If you have suggestion for a useful link, please [&hellip;]<\/p>","protected":false},"author":3,"featured_media":0,"parent":0,"menu_order":0,"comment_status":"closed","ping_status":"closed","template":"","meta":{"footnotes":""},"class_list":["post-2037","page","type-page","status-publish","hentry"],"yoast_head":"<!-- This site is optimized with the Yoast SEO plugin v26.9 - https:\/\/yoast.com\/product\/yoast-seo-wordpress\/ -->\n<title>Useful links - expat-v.at<\/title>\n<meta name=\"robots\" content=\"index, follow, max-snippet:-1, max-image-preview:large, max-video-preview:-1\" \/>\n<link rel=\"canonical\" href=\"https:\/\/www.expat-v.at\/de\/useful-links\/\" \/>\n<meta property=\"og:locale\" content=\"de_DE\" \/>\n<meta property=\"og:type\" content=\"article\" \/>\n<meta property=\"og:title\" content=\"Useful links - expat-v.at\" \/>\n<meta property=\"og:description\" content=\"\u00a0On this page, you&#8217;ll find an overview of useful links for living and working in Austria and Vorarlberg. We strive to keep the page up to date \u2013 if any link no longer works, feel free to write to\u00a0hello@expat-v.at.This page does not claim to be exhaustive. If you have suggestion for a useful link, please [&hellip;]\" \/>\n<meta property=\"og:url\" content=\"https:\/\/www.expat-v.at\/de\/useful-links\/\" \/>\n<meta property=\"og:site_name\" content=\"expat-v.at\" \/>\n<meta property=\"article:modified_time\" content=\"2026-04-27T14:32:33+00:00\" \/>\n<meta property=\"og:image\" content=\"https:\/\/www.expat-v.at\/wp-content\/uploads\/2024\/08\/Useful_links2-300x63.png\" \/>\n<meta name=\"twitter:card\" content=\"summary_large_image\" \/>\n<meta name=\"twitter:label1\" content=\"Gesch\u00e4tzte Lesezeit\" \/>\n\t<meta name=\"twitter:data1\" content=\"4\u00a0Minuten\" \/>\n<script type=\"application\/ld+json\" class=\"yoast-schema-graph\">{\"@context\":\"https:\/\/schema.org\",\"@graph\":[{\"@type\":\"WebPage\",\"@id\":\"https:\/\/www.expat-v.at\/useful-links\/\",\"url\":\"https:\/\/www.expat-v.at\/useful-links\/\",\"name\":\"Useful links - expat-v.at\",\"isPartOf\":{\"@id\":\"https:\/\/www.expat-v.at\/#website\"},\"primaryImageOfPage\":{\"@id\":\"https:\/\/www.expat-v.at\/useful-links\/#primaryimage\"},\"image\":{\"@id\":\"https:\/\/www.expat-v.at\/useful-links\/#primaryimage\"},\"thumbnailUrl\":\"https:\/\/www.expat-v.at\/wp-content\/uploads\/2024\/08\/Useful_links2-300x63.png\",\"datePublished\":\"2024-08-19T08:43:41+00:00\",\"dateModified\":\"2026-04-27T14:32:33+00:00\",\"breadcrumb\":{\"@id\":\"https:\/\/www.expat-v.at\/useful-links\/#breadcrumb\"},\"inLanguage\":\"de\",\"potentialAction\":[{\"@type\":\"ReadAction\",\"target\":[\"https:\/\/www.expat-v.at\/useful-links\/\"]}]},{\"@type\":\"ImageObject\",\"inLanguage\":\"de\",\"@id\":\"https:\/\/www.expat-v.at\/useful-links\/#primaryimage\",\"url\":\"https:\/\/www.expat-v.at\/wp-content\/uploads\/2024\/08\/Useful_links2-300x63.png\",\"contentUrl\":\"https:\/\/www.expat-v.at\/wp-content\/uploads\/2024\/08\/Useful_links2-300x63.png\"},{\"@type\":\"BreadcrumbList\",\"@id\":\"https:\/\/www.expat-v.at\/useful-links\/#breadcrumb\",\"itemListElement\":[{\"@type\":\"ListItem\",\"position\":1,\"name\":\"Home\",\"item\":\"https:\/\/www.expat-v.at\/\"},{\"@type\":\"ListItem\",\"position\":2,\"name\":\"Useful links\"}]},{\"@type\":\"WebSite\",\"@id\":\"https:\/\/www.expat-v.at\/#website\",\"url\":\"https:\/\/www.expat-v.at\/\",\"name\":\"expat-v.at\",\"description\":\"Expat Service Vorarlberg\",\"publisher\":{\"@id\":\"https:\/\/www.expat-v.at\/#organization\"},\"potentialAction\":[{\"@type\":\"SearchAction\",\"target\":{\"@type\":\"EntryPoint\",\"urlTemplate\":\"https:\/\/www.expat-v.at\/?s={search_term_string}\"},\"query-input\":{\"@type\":\"PropertyValueSpecification\",\"valueRequired\":true,\"valueName\":\"search_term_string\"}}],\"inLanguage\":\"de\"},{\"@type\":\"Organization\",\"@id\":\"https:\/\/www.expat-v.at\/#organization\",\"name\":\"expat-v.at\",\"url\":\"https:\/\/www.expat-v.at\/\",\"logo\":{\"@type\":\"ImageObject\",\"inLanguage\":\"de\",\"@id\":\"https:\/\/www.expat-v.at\/#\/schema\/logo\/image\/\",\"url\":\"https:\/\/www.expat-v.at\/wp-content\/uploads\/2023\/03\/Marke-Expat-V.png\",\"contentUrl\":\"https:\/\/www.expat-v.at\/wp-content\/uploads\/2023\/03\/Marke-Expat-V.png\",\"width\":307,\"height\":183,\"caption\":\"expat-v.at\"},\"image\":{\"@id\":\"https:\/\/www.expat-v.at\/#\/schema\/logo\/image\/\"}}]}<\/script>\n<!-- \/ Yoast SEO plugin. -->","yoast_head_json":{"title":"Useful links - expat-v.at","robots":{"index":"index","follow":"follow","max-snippet":"max-snippet:-1","max-image-preview":"max-image-preview:large","max-video-preview":"max-video-preview:-1"},"canonical":"https:\/\/www.expat-v.at\/de\/useful-links\/","og_locale":"de_DE","og_type":"article","og_title":"Useful links - expat-v.at","og_description":"\u00a0On this page, you&#8217;ll find an overview of useful links for living and working in Austria and Vorarlberg. We strive to keep the page up to date \u2013 if any link no longer works, feel free to write to\u00a0hello@expat-v.at.This page does not claim to be exhaustive. If you have suggestion for a useful link, please [&hellip;]","og_url":"https:\/\/www.expat-v.at\/de\/useful-links\/","og_site_name":"expat-v.at","article_modified_time":"2026-04-27T14:32:33+00:00","og_image":[{"url":"https:\/\/www.expat-v.at\/wp-content\/uploads\/2024\/08\/Useful_links2-300x63.png","type":"","width":"","height":""}],"twitter_card":"summary_large_image","twitter_misc":{"Gesch\u00e4tzte Lesezeit":"4\u00a0Minuten"},"schema":{"@context":"https:\/\/schema.org","@graph":[{"@type":"WebPage","@id":"https:\/\/www.expat-v.at\/useful-links\/","url":"https:\/\/www.expat-v.at\/useful-links\/","name":"Useful links - expat-v.at","isPartOf":{"@id":"https:\/\/www.expat-v.at\/#website"},"primaryImageOfPage":{"@id":"https:\/\/www.expat-v.at\/useful-links\/#primaryimage"},"image":{"@id":"https:\/\/www.expat-v.at\/useful-links\/#primaryimage"},"thumbnailUrl":"https:\/\/www.expat-v.at\/wp-content\/uploads\/2024\/08\/Useful_links2-300x63.png","datePublished":"2024-08-19T08:43:41+00:00","dateModified":"2026-04-27T14:32:33+00:00","breadcrumb":{"@id":"https:\/\/www.expat-v.at\/useful-links\/#breadcrumb"},"inLanguage":"de","potentialAction":[{"@type":"ReadAction","target":["https:\/\/www.expat-v.at\/useful-links\/"]}]},{"@type":"ImageObject","inLanguage":"de","@id":"https:\/\/www.expat-v.at\/useful-links\/#primaryimage","url":"https:\/\/www.expat-v.at\/wp-content\/uploads\/2024\/08\/Useful_links2-300x63.png","contentUrl":"https:\/\/www.expat-v.at\/wp-content\/uploads\/2024\/08\/Useful_links2-300x63.png"},{"@type":"BreadcrumbList","@id":"https:\/\/www.expat-v.at\/useful-links\/#breadcrumb","itemListElement":[{"@type":"ListItem","position":1,"name":"Home","item":"https:\/\/www.expat-v.at\/"},{"@type":"ListItem","position":2,"name":"Useful links"}]},{"@type":"WebSite","@id":"https:\/\/www.expat-v.at\/#website","url":"https:\/\/www.expat-v.at\/","name":"expat-v.at","description":"Expat Service Vorarlberg","publisher":{"@id":"https:\/\/www.expat-v.at\/#organization"},"potentialAction":[{"@type":"SearchAction","target":{"@type":"EntryPoint","urlTemplate":"https:\/\/www.expat-v.at\/?s={search_term_string}"},"query-input":{"@type":"PropertyValueSpecification","valueRequired":true,"valueName":"search_term_string"}}],"inLanguage":"de"},{"@type":"Organization","@id":"https:\/\/www.expat-v.at\/#organization","name":"expat-v.at","url":"https:\/\/www.expat-v.at\/","logo":{"@type":"ImageObject","inLanguage":"de","@id":"https:\/\/www.expat-v.at\/#\/schema\/logo\/image\/","url":"https:\/\/www.expat-v.at\/wp-content\/uploads\/2023\/03\/Marke-Expat-V.png","contentUrl":"https:\/\/www.expat-v.at\/wp-content\/uploads\/2023\/03\/Marke-Expat-V.png","width":307,"height":183,"caption":"expat-v.at"},"image":{"@id":"https:\/\/www.expat-v.at\/#\/schema\/logo\/image\/"}}]}},"_links":{"self":[{"href":"https:\/\/www.expat-v.at\/de\/wp-json\/wp\/v2\/pages\/2037","targetHints":{"allow":["GET"]}}],"collection":[{"href":"https:\/\/www.expat-v.at\/de\/wp-json\/wp\/v2\/pages"}],"about":[{"href":"https:\/\/www.expat-v.at\/de\/wp-json\/wp\/v2\/types\/page"}],"author":[{"embeddable":true,"href":"https:\/\/www.expat-v.at\/de\/wp-json\/wp\/v2\/users\/3"}],"replies":[{"embeddable":true,"href":"https:\/\/www.expat-v.at\/de\/wp-json\/wp\/v2\/comments?post=2037"}],"version-history":[{"count":267,"href":"https:\/\/www.expat-v.at\/de\/wp-json\/wp\/v2\/pages\/2037\/revisions"}],"predecessor-version":[{"id":3247,"href":"https:\/\/www.expat-v.at\/de\/wp-json\/wp\/v2\/pages\/2037\/revisions\/3247"}],"wp:attachment":[{"href":"https:\/\/www.expat-v.at\/de\/wp-json\/wp\/v2\/media?parent=2037"}],"curies":[{"name":"wp","href":"https:\/\/api.w.org\/{rel}","templated":true}]}}